{"id":756,"date":"2023-01-05T12:25:21","date_gmt":"2023-01-05T11:25:21","guid":{"rendered":"https:\/\/simonerosignoli.it\/RAVENNA_DAMARE\/?page_id=756"},"modified":"2023-06-20T10:13:15","modified_gmt":"2023-06-20T08:13:15","slug":"home","status":"publish","type":"page","link":"https:\/\/www.ravennadamare.com\/de\/","title":{"rendered":"Home"},"content":{"rendered":"<h2>Ravenna d&#8217;Amare<\/h2>\n<ul>\n<li>\n<p>        <img decoding=\"async\" src=\"\/wp-content\/uploads\/appartamento_ravenna_d_amare_ingresso_01.jpg\" alt=\"\"><\/p>\n<div>appartamento_ravenna_d_amare_ingresso_01<\/div>\n<\/li>\n<li>\n<p>        <img decoding=\"async\" src=\"\/wp-content\/uploads\/appartamento_ravenna_d_amare_soggiorno_02.jpg\" alt=\"\"><\/p>\n<div>appartamento_ravenna_d_amare_soggiorno_02<\/div>\n<\/li>\n<li>\n<p>        <img decoding=\"async\" src=\"\/wp-content\/uploads\/appartamento_ravenna_d_amare_bagno_03.jpg\" alt=\"\"><\/p>\n<div>appartamento_ravenna_d_amare_bagno_03<\/div>\n<\/li>\n<li>\n<p>        <img decoding=\"async\" src=\"\/wp-content\/uploads\/appartamento_ravenna_d_amare_camera_matrimoniale_02.jpg\" alt=\"\"><\/p>\n<div>appartamento_ravenna_d_amare_camera_matrimoniale_02<\/div>\n<\/li>\n<li>\n<p>        <img decoding=\"async\" src=\"\/wp-content\/uploads\/appartamento_ravenna_d_amare_ingresso_02.jpg\" alt=\"\"><\/p>\n<div>appartamento_ravenna_d_amare_ingresso_02<\/div>\n<\/li>\n<li>\n<p>        <img decoding=\"async\" src=\"\/wp-content\/uploads\/appartamento_ravenna_d_amare_soggiorno_03.jpg\" alt=\"\"><\/p>\n<div>appartamento_ravenna_d_amare_soggiorno_03<\/div>\n<\/li>\n<li>\n<p>        <img decoding=\"async\" src=\"\/wp-content\/uploads\/appartamento_ravenna_d_amare_soggiorno_05.jpg\" alt=\"\"><\/p>\n<div>appartamento_ravenna_d_amare_soggiorno_05<\/div>\n<\/li>\n<\/ul>\n<ul>\n<li>\n<p>        <img decoding=\"async\" src=\"\/wp-content\/uploads\/appartamento_ravenna_d_amare_ingresso_01.jpg\" alt=\"\"><\/p>\n<div>appartamento_ravenna_d_amare_ingresso_01<\/div>\n<\/li>\n<li>\n<p>        <img decoding=\"async\" src=\"\/wp-content\/uploads\/appartamento_ravenna_d_amare_soggiorno_02.jpg\" alt=\"\"><\/p>\n<div>appartamento_ravenna_d_amare_soggiorno_02<\/div>\n<\/li>\n<li>\n<p>        <img decoding=\"async\" src=\"\/wp-content\/uploads\/appartamento_ravenna_d_amare_bagno_03.jpg\" alt=\"\"><\/p>\n<div>appartamento_ravenna_d_amare_bagno_03<\/div>\n<\/li>\n<li>\n<p>        <img decoding=\"async\" src=\"\/wp-content\/uploads\/appartamento_ravenna_d_amare_camera_matrimoniale_02.jpg\" alt=\"\"><\/p>\n<div>appartamento_ravenna_d_amare_camera_matrimoniale_02<\/div>\n<\/li>\n<li>\n<p>        <img decoding=\"async\" src=\"\/wp-content\/uploads\/appartamento_ravenna_d_amare_ingresso_02.jpg\" alt=\"\"><\/p>\n<div>appartamento_ravenna_d_amare_ingresso_02<\/div>\n<\/li>\n<li>\n<p>        <img decoding=\"async\" src=\"\/wp-content\/uploads\/appartamento_ravenna_d_amare_soggiorno_03.jpg\" alt=\"\"><\/p>\n<div>appartamento_ravenna_d_amare_soggiorno_03<\/div>\n<\/li>\n<li>\n<p>        <img decoding=\"async\" src=\"\/wp-content\/uploads\/appartamento_ravenna_d_amare_soggiorno_05.jpg\" alt=\"\"><\/p>\n<div>appartamento_ravenna_d_amare_soggiorno_05<\/div>\n<\/li>\n<\/ul>\n<h2>DAS APARTMENT<\/h2>\n<h1><strong>Apartment im Shabby-Marinaro-Stil eingerichtet<\/strong><br class=\"uk-visible@m\" \/>  im Zentrum von <strong>Marina di Ravenna, 100 Meter vom Meer entfernt<\/strong><\/p>\n<\/h1>\n<ul>\n<li>\n<p>        <img decoding=\"async\" src=\"\/wp-content\/uploads\/appartamento_ravenna_d_amare_soggiorno_01.jpg\" alt=\"\"><\/p>\n<h3>appartamento_ravenna_d_amare_soggiorno_01<\/h3>\n<\/li>\n<li>\n<p>        <img decoding=\"async\" src=\"\/wp-content\/uploads\/appartamento_ravenna_d_amare_soggiorno_02.jpg\" alt=\"\"><\/p>\n<h3>appartamento_ravenna_d_amare_soggiorno_02<\/h3>\n<\/li>\n<li>\n<p>        <img decoding=\"async\" src=\"\/wp-content\/uploads\/appartamento_ravenna_d_amare_soggiorno_03.jpg\" alt=\"\"><\/p>\n<h3>appartamento_ravenna_d_amare_soggiorno_03<\/h3>\n<\/li>\n<li>\n<p>        <img decoding=\"async\" src=\"\/wp-content\/uploads\/appartamento_ravenna_d_amare_soggiorno_04.jpg\" alt=\"\"><\/p>\n<h3>appartamento_ravenna_d_amare_soggiorno_04<\/h3>\n<\/li>\n<li>\n<p>        <img decoding=\"async\" src=\"\/wp-content\/uploads\/appartamento_ravenna_d_amare_soggiorno_05.jpg\" alt=\"\"><\/p>\n<h3>appartamento_ravenna_d_amare_soggiorno_05<\/h3>\n<\/li>\n<li>\n<p>        <img decoding=\"async\" src=\"\/wp-content\/uploads\/appartamento_ravenna_d_amare_soggiorno_06.jpg\" alt=\"\"><\/p>\n<h3>appartamento_ravenna_d_amare_soggiorno_06<\/h3>\n<\/li>\n<li>\n<p>        <img decoding=\"async\" src=\"\/wp-content\/uploads\/appartamento_ravenna_d_amare_soggiorno_07.jpg\" alt=\"\"><\/p>\n<h3>appartamento_ravenna_d_amare_soggiorno_07<\/h3>\n<\/li>\n<li>\n<p>        <img decoding=\"async\" src=\"\/wp-content\/uploads\/appartamento_ravenna_d_amare_soggiorno_08.jpg\" alt=\"\"><\/p>\n<h3>appartamento_ravenna_d_amare_soggiorno_08<\/h3>\n<\/li>\n<\/ul>\n<div>DAS WOHNZIMMER<\/div>\n<h2>Ger\u00e4umig und einladend<\/h2>\n<div>Die Wohnung verf\u00fcgt \u00fcber ein Wohnzimmer mit Esstisch und einem sehr bequemen Schlafsofa.<\/div>\n<ul>\n<li>\n<p>        <img decoding=\"async\" src=\"\/wp-content\/uploads\/appartamento_ravenna_d_amare_cucina_01.jpg\" alt=\"\"><\/p>\n<h3>appartamento_ravenna_d_amare_cucina_01<\/h3>\n<\/li>\n<li>\n<p>        <img decoding=\"async\" src=\"\/wp-content\/uploads\/appartamento_ravenna_d_amare_terrazzo_01.jpg\" alt=\"\"><\/p>\n<h3>appartamento_ravenna_d_amare_terrazzo_01<\/h3>\n<\/li>\n<li>\n<p>        <img decoding=\"async\" src=\"\/wp-content\/uploads\/appartamento_ravenna_d_amare_cucina_02.jpg\" alt=\"\"><\/p>\n<h3>appartamento_ravenna_d_amare_cucina_02<\/h3>\n<\/li>\n<li>\n<p>        <img decoding=\"async\" src=\"\/wp-content\/uploads\/appartamento_ravenna_d_amare_cucina_03.jpg\" alt=\"\"><\/p>\n<h3>appartamento_ravenna_d_amare_cucina_03<\/h3>\n<\/li>\n<li>\n<p>        <img decoding=\"async\" src=\"\/wp-content\/uploads\/appartamento_ravenna_d_amare_cucina_04.jpg\" alt=\"\"><\/p>\n<h3>appartamento_ravenna_d_amare_cucina_04<\/h3>\n<\/li>\n<li>\n<p>        <img decoding=\"async\" src=\"\/wp-content\/uploads\/appartamento_ravenna_d_amare_cucina_05.jpg\" alt=\"\"><\/p>\n<h3>appartamento_ravenna_d_amare_cucina_05<\/h3>\n<\/li>\n<li>\n<p>        <img decoding=\"async\" src=\"\/wp-content\/uploads\/appartamento_ravenna_d_amare_cucina_06.jpg\" alt=\"\"><\/p>\n<h3>appartamento_ravenna_d_amare_cucina_06<\/h3>\n<\/li>\n<li>\n<p>        <img decoding=\"async\" src=\"\/wp-content\/uploads\/appartamento_ravenna_d_amare_cucina_07.jpg\" alt=\"\"><\/p>\n<h3>appartamento_ravenna_d_amare_cucina_07<\/h3>\n<\/li>\n<li>\n<p>        <img decoding=\"async\" src=\"\/wp-content\/uploads\/appartamento_ravenna_d_amare_cucina_08.jpg\" alt=\"\"><\/p>\n<h3>appartamento_ravenna_d_amare_cucina_08<\/h3>\n<\/li>\n<\/ul>\n<div>DIE K\u00dcCHE UND DIE TERRASSE<\/div>\n<h2>Volle K\u00fcche Ausgestattet mit einem Balkon<\/h2>\n<div>Voll ausgestattete K\u00fcche mit Utensilien und Ger\u00e4ten. Auf der kleinen Terrasse mit Tisch und zwei St\u00fchlen k\u00f6nnen Sie fr\u00fchst\u00fccken oder eine einfache Zeitschrift lesen und dabei den Blick zwischen dem Touristenhafen von Marinara und dem Meer genie\u00dfen.<\/div>\n<ul>\n<li>\n<p>        <img decoding=\"async\" src=\"\/wp-content\/uploads\/appartamento_ravenna_d_amare_camera_matrimoniale_02.jpg\" alt=\"\"><\/p>\n<h3>appartamento_ravenna_d_amare_camera_matrimoniale_02<\/h3>\n<\/li>\n<li>\n<p>        <img decoding=\"async\" src=\"\/wp-content\/uploads\/appartamento_ravenna_d_amare_camera_matrimoniale_03.jpg\" alt=\"\"><\/p>\n<h3>appartamento_ravenna_d_amare_camera_matrimoniale_03<\/h3>\n<\/li>\n<li>\n<p>        <img decoding=\"async\" src=\"\/wp-content\/uploads\/appartamento_ravenna_d_amare_camera_matrimoniale_04.jpg\" alt=\"\"><\/p>\n<h3>appartamento_ravenna_d_amare_camera_matrimoniale_04<\/h3>\n<\/li>\n<li>\n<p>        <img decoding=\"async\" src=\"\/wp-content\/uploads\/appartamento_ravenna_d_amare_camera_matrimoniale_05.jpg\" alt=\"\"><\/p>\n<h3>appartamento_ravenna_d_amare_camera_matrimoniale_05<\/h3>\n<\/li>\n<li>\n<p>        <img decoding=\"async\" src=\"\/wp-content\/uploads\/appartamento_ravenna_d_amare_camera_letto_a_castello_01.jpg\" alt=\"\"><\/p>\n<h3>appartamento_ravenna_d_amare_camera_letto_a_castello_01<\/h3>\n<\/li>\n<li>\n<p>        <img decoding=\"async\" src=\"\/wp-content\/uploads\/appartamento_ravenna_d_amare_camera_letto_a_castello_02.jpg\" alt=\"\"><\/p>\n<h3>appartamento_ravenna_d_amare_camera_letto_a_castello_02<\/h3>\n<\/li>\n<li>\n<p>        <img decoding=\"async\" src=\"\/wp-content\/uploads\/appartamento_ravenna_d_amare_camera_matrimoniale_01.jpg\" alt=\"\"><\/p>\n<h3>appartamento_ravenna_d_amare_camera_matrimoniale_01<\/h3>\n<\/li>\n<li>\n<p>        <img decoding=\"async\" src=\"\/wp-content\/uploads\/appartamento_ravenna_d_amare_bagno_01.jpg\" alt=\"\"><\/p>\n<h3>appartamento_ravenna_d_amare_bagno_01<\/h3>\n<\/li>\n<li>\n<p>        <img decoding=\"async\" src=\"\/wp-content\/uploads\/appartamento_ravenna_d_amare_bagno_02.jpg\" alt=\"\"><\/p>\n<h3>appartamento_ravenna_d_amare_bagno_02<\/h3>\n<\/li>\n<li>\n<p>        <img decoding=\"async\" src=\"\/wp-content\/uploads\/appartamento_ravenna_d_amare_bagno_03.jpg\" alt=\"\"><\/p>\n<h3>appartamento_ravenna_d_amare_bagno_03<\/h3>\n<\/li>\n<\/ul>\n<div>DER NACHTBEREICH<\/div>\n<h2>F\u00fcr einen erholsamen Aufenthalt<\/h2>\n<div>Der Schlafbereich besteht aus zwei Schlafzimmern, einem Doppel- und einem Einzelzimmer mit Etagenbetten.<\/div>\n<div>Die Wohnung ist das ganze Jahr \u00fcber verf\u00fcgbar<\/div>\n<p>\n    <a href=\"#buch\">BUCH<\/a>\n<\/p>\n<hr>\n<h1>Unser Ziel ist es, dass Sie sich auch unterwegs wie zu Hause f\u00fchlen.<\/h1>\n<hr>\n<h2>DIENSTLEISTUNGEN<\/h2>\n<div>Die gesamte Wohnung ist mit kostenfreiem WLAN ausgestattet und der Schlafbereich ist klimatisiert. Die gesamte Bettw\u00e4sche f\u00fcr die Schlafzimmer, das Badezimmer und die K\u00fcche steht Ihnen zur Verf\u00fcgung.<\/div>\n<ul>\n<li>\n<h3>Ganze Wohnung<\/h3>\n<div>70 m\u00b2 Wohnfl\u00e4che im Zentrum von Marina di Ravenna, 100 Meter vom Meer entfernt, in der N\u00e4he aller lokalen Dienstleistungen und Attraktionen. Komplett rauchfreies Lokal.<\/div>\n<\/li>\n<li>\n<h3>Balkon mit Blick auf die Stadt<\/h3>\n<div>Auf der kleinen Terrasse mit Tisch und zwei St\u00fchlen k\u00f6nnen Sie fr\u00fchst\u00fccken oder eine einfache Zeitschrift lesen und dabei den Blick zwischen dem Touristenhafen von Marinara und dem Meer genie\u00dfen.<\/div>\n<\/li>\n<li>\n<h3>K\u00fcche<\/h3>\n<div>K\u00fcche ausgestattet mit Kaffeemaschine, Reinigungsmitteln, Toaster, Herd, Backofen, K\u00fcchenutensilien, Wasserkocher, Waschmaschine, Mikrowelle und K\u00fchlschrank.<\/div>\n<\/li>\n<li>\n<h3>Die zwei Kammern<\/h3>\n<div>Zwei Schlafzimmer, ein Doppel- und ein Einzelzimmer mit Etagenbetten. Schrank und Garderobe sind vorhanden. Die Bettw\u00e4sche f\u00fcr das Zimmer ist im Preis inbegriffen.<\/div>\n<\/li>\n<li>\n<h3>Privates Badezimmer<\/h3>\n<div>Die Unterkunft verf\u00fcgt \u00fcber ein Badezimmer mit Fenster im Schlafbereich, das ebenfalls mit Dusche, WC, Waschbecken, Bidet und Haartrockner ausgestattet ist. Bettw\u00e4sche, Toilettenpapier und Toilettenartikel sind kostenlos.<\/div>\n<\/li>\n<li>\n<h3>Kompfort<\/h3>\n<div>Der WLAN-Internetzugang ist im gesamten Geb\u00e4ude kostenfrei verf\u00fcgbar. Klimaanlage, Heizung, Aufzug sind vorhanden.<\/div>\n<\/li>\n<\/ul>\n<div>\n<p>        <img decoding=\"async\" src=\"\/wp-content\/uploads\/spiaggia.svg\" alt=\"\"><\/p>\n<h3>Kostenloser Sonnenschirm und Sonnenliegen<\/h3>\n<div>W\u00e4hrend der gesamten Aufenthaltsdauer stellen wir Ihnen au\u00dferdem zwei kostenlose Sonnenliegen und einen Sonnenschirm am mit uns vereinbarten Badezimmer 150 Meter von der Wohnung entfernt zur Verf\u00fcgung.<\/div>\n<\/div>\n<div>DIE WOHNUNG BEFINDET SICH IN<\/div>\n<h2>Via Arrigo Callegati,<br \/>48122 Marina di Ravenna<br \/>Italien<\/h2>\n<p>\n    <a href=\"#umfeld\">Entdecken Sie die Umgebung<\/a>\n<\/p>\n<div>\n<p>44.486766,12.2794374<\/p>\n<\/div>\n<ul>\n<li>\n<p>        <img decoding=\"async\" src=\"\/wp-content\/uploads\/appartamento_ravenna_d_amare_spiaggia_02.jpg\" alt=\"\"><\/p>\n<h3>appartamento_ravenna_d_amare_spiaggia_02<\/h3>\n<\/li>\n<li>\n<p>        <img decoding=\"async\" src=\"\/wp-content\/uploads\/appartamento_ravenna_d_amare_spiaggia_01.jpg\" alt=\"\"><\/p>\n<h3>appartamento_ravenna_d_amare_spiaggia_01<\/h3>\n<\/li>\n<li>\n<p>        <img decoding=\"async\" src=\"\/wp-content\/uploads\/appartamento_ravenna_d_amare_esterni_07.jpg\" alt=\"\"><\/p>\n<h3>appartamento_ravenna_d_amare_esterni_07<\/h3>\n<\/li>\n<li>\n<p>        <img decoding=\"async\" src=\"\/wp-content\/uploads\/appartamento_ravenna_d_amare_esterni_06.jpg\" alt=\"\"><\/p>\n<h3>appartamento_ravenna_d_amare_esterni_06<\/h3>\n<\/li>\n<li>\n<p>        <img decoding=\"async\" src=\"\/wp-content\/uploads\/appartamento_ravenna_d_amare_esterni_05.jpg\" alt=\"\"><\/p>\n<h3>appartamento_ravenna_d_amare_esterni_05<\/h3>\n<\/li>\n<li>\n<p>        <img decoding=\"async\" src=\"\/wp-content\/uploads\/appartamento_ravenna_d_amare_esterni_04.jpg\" alt=\"\"><\/p>\n<h3>appartamento_ravenna_d_amare_esterni_04<\/h3>\n<\/li>\n<li>\n<p>        <img decoding=\"async\" src=\"\/wp-content\/uploads\/appartamento_ravenna_d_amare_esterni_03.jpg\" alt=\"\"><\/p>\n<h3>appartamento_ravenna_d_amare_esterni_03<\/h3>\n<\/li>\n<li>\n<p>        <img decoding=\"async\" src=\"\/wp-content\/uploads\/appartamento_ravenna_d_amare_esterni_02.jpg\" alt=\"\"><\/p>\n<h3>appartamento_ravenna_d_amare_esterni_02<\/h3>\n<\/li>\n<li>\n<p>        <img decoding=\"async\" src=\"\/wp-content\/uploads\/appartamento_ravenna_d_amare_esterni_01.jpg\" alt=\"\"><\/p>\n<h3>appartamento_ravenna_d_amare_esterni_01<\/h3>\n<\/li>\n<\/ul>\n<div>Entdecken Sie die Umgebung<\/div>\n<h2>Str\u00e4nde, Restaurants<br class=\"uk-visible@m\"><br \/>\nund Hauptattraktionen<\/h2>\n<div>Marina ist eine kleine Stadt direkt am Meer, geeignet f\u00fcr Familien und f\u00fcr diejenigen, die gleichzeitig einen unterhaltsamen und erholsamen Aufenthalt suchen.<\/div>\n<div>\n<p>        <img decoding=\"async\" src=\"\/wp-content\/uploads\/ravenna-mausoleo_galla_placidia-servizio_turismo-comunicattivi-ravenna-mausoleo_2.webp\" alt=\"\"><\/p>\n<h3>Mausoleum der Galla Placidia<\/h3>\n<p>10 km<\/p>\n<\/div>\n<ul>\n<li>\n<p>        <img decoding=\"async\" src=\"\/wp-content\/uploads\/ravenna-mausoleo_galla_placidia-servizio_turismo-comunicattivi-ravenna-mausoleo_2.webp\" alt=\"\"><\/p>\n<h3>Mausoleum der Galla Placidia<\/h3>\n<p>10 km<\/p>\n<\/li>\n<li>\n<p>        <img decoding=\"async\" src=\"\/wp-content\/uploads\/Luoghi_Rocca_Brancaleone_1.jpg\" alt=\"\"><\/p>\n<h3>Garten von Rocca Brancaleone<\/h3>\n<p>9 KM<\/p>\n<\/li>\n<\/ul>\n<div>\n<p>        <img decoding=\"async\" src=\"\/wp-content\/uploads\/Luoghi_Rocca_Brancaleone_1.jpg\" alt=\"\"><\/p>\n<h3>Garten von Rocca Brancaleone<\/h3>\n<p>9 Km<\/p>\n<\/div>\n<ul>\n<li>\n<p>        <img decoding=\"async\" src=\"\/wp-content\/uploads\/ravenna-punta_marina_terme-comunicattivi-DJI_0388-scaled-e1654789702229.webp\" alt=\"\"><\/p>\n<h3>Strand von Punta Marina<\/h3>\n<p>3 km<\/p>\n<\/li>\n<li>\n<p>        <img decoding=\"async\" src=\"\/wp-content\/uploads\/ravenna-lido_adriano-ph.ravennatourism.webp\" alt=\"\"><\/p>\n<h3>Lido Adriano Strand<\/h3>\n<p>6 KM<\/p>\n<\/li>\n<\/ul>\n<div>\n<p>        <img decoding=\"async\" src=\"\/wp-content\/uploads\/2571446.jpg\" alt=\"\"><\/p>\n<h3>Restaurant La Nuova Rosa dei Venti<\/h3>\n<p>5 KM<\/p>\n<\/div>\n<div>\n<p>        <img decoding=\"async\" src=\"\/wp-content\/uploads\/2571446.jpg\" alt=\"\"><\/p>\n<h3>Restaurant La Nuova Rosa dei Venti<\/h3>\n<p>5 km<\/p>\n<\/div>\n<div>\n<p>        <img decoding=\"async\" src=\"\/wp-content\/uploads\/RISTORANTE-photogallery-12.jpg\" alt=\"\"><\/p>\n<h3>Donna Rosa-Restaurant<\/h3>\n<p>5 KM<\/p>\n<\/div>\n<div>\n<p>        <img decoding=\"async\" src=\"\/wp-content\/uploads\/RISTORANTE-photogallery-12.jpg\" alt=\"\"><\/p>\n<h3>Donna Rosa-Restaurant<\/h3>\n<p>5 km<\/p>\n<\/div>\n<div>Sie fragen sich vielleicht, ob &#8230;<\/div>\n<h2>H\u00e4ufige Fragen<br class=\"uk-visible@m\"><br \/>\nauf Ravenna d&#8217;Amare<\/h2>\n<ul>\n<li>\n<h3>Wie weit ist das Ravenna d&#8217;Amare vom Zentrum von Marina di Ravenna entfernt?<\/h3>\n<div>Ravenna d&#8217;Amare liegt 300 m vom Zentrum von Marina di Ravenna entfernt.<\/div>\n<\/li>\n<li>\n<h3>Wie viele Zimmer hat die Unterkunft Ravenna d&#8217;Amare?<\/h3>\n<div>Ravenna d&#8217;Amare verf\u00fcgt \u00fcber 2 Schlafzimmer<\/div>\n<\/li>\n<li>\n<h3>Ist Haushaltsw\u00e4sche vorhanden?<\/h3>\n<div>Ravenna d&#8217;Amare bietet die gesamte Bettw\u00e4sche f\u00fcr die Schlafzimmer, das Badezimmer und die K\u00fcche.<\/div>\n<\/li>\n<li>\n<h3>Wie viele G\u00e4ste k\u00f6nnen im Ravenna d&#8217;Amare \u00fcbernachten?<\/h3>\n<div>Ravenna d&#8217;Amare bietet Platz f\u00fcr 5 G\u00e4ste<\/div>\n<\/li>\n<li>\n<h3>Wie sind die Check-in- und Check-out-Zeiten im Ravenna d&#8217;Amare?<\/h3>\n<div>Im Ravenna d&#8217;Amare ist der Check-in ab 15:00 Uhr m\u00f6glich, der Check-out bis 12:00 Uhr.<\/div>\n<\/li>\n<li>\n<h3>Gibt es Balkone im Ravenna d&#8217;Amare?<\/h3>\n<div>Ja, diese Unterkunft verf\u00fcgt \u00fcber einen Balkon.<\/div>\n<\/li>\n<\/ul>\n<div>BRAUCHEN SIE HILFE?<\/div>\n<h2>Sie haben Fragen an uns?<\/h2>\n<div>Wir stehen Ihnen jederzeit zur Verf\u00fcgung, um alle Ihre Fragen zu beantworten<\/div>\n<p>\n    <a href=\"#buch\">Kontaktiere uns<\/a>\n<\/p>\n<p><!--more--><br \/>\n<!-- {\"type\":\"layout\",\"children\":[{\"name\":\"Hero\",\"type\":\"section\",\"props\":{\"image_position\":\"center-center\",\"padding\":\"small\",\"padding_remove_bottom\":false,\"padding_remove_top\":false,\"style\":\"muted\",\"title_breakpoint\":\"xl\",\"title_position\":\"top-left\",\"title_rotation\":\"left\",\"vertical_align\":\"bottom\",\"width\":\"\"},\"children\":[{\"type\":\"row\",\"children\":[{\"type\":\"column\",\"props\":{\"image_position\":\"center-center\",\"position_sticky_breakpoint\":\"m\"},\"children\":[{\"type\":\"headline\",\"props\":{\"content\":\"Ravenna d'Amare\",\"margin\":\"default\",\"margin_remove_bottom\":true,\"text_align\":\"center\",\"text_align_fallback\":\"center\",\"title_color\":\"primary\",\"title_element\":\"h2\",\"title_font_family\":\"tertiary\",\"title_style\":\"heading-medium\"}}]}],\"props\":{\"margin_remove_top\":true,\"width\":\"large\"}},{\"type\":\"row\",\"children\":[{\"type\":\"column\",\"props\":{\"image_position\":\"center-center\",\"position_sticky_breakpoint\":\"m\",\"text_color\":\"light\",\"width_medium\":\"1-1\"},\"children\":[{\"type\":\"overlay-slider\",\"props\":{\"image_height\":\"600\",\"image_loading\":true,\"image_transition\":\"scale-up\",\"image_width\":\"750\",\"link_style\":\"default\",\"link_text\":\"\",\"margin\":\"remove-vertical\",\"meta_align\":\"below-title\",\"meta_element\":\"div\",\"meta_style\":\"text-meta\",\"nav\":\"\",\"nav_align\":\"center\",\"nav_breakpoint\":\"s\",\"overlay_hover\":false,\"overlay_link\":true,\"overlay_margin\":\"small\",\"overlay_maxwidth\":\"large\",\"overlay_mode\":\"caption\",\"overlay_padding\":\"small\",\"overlay_position\":\"bottom\",\"overlay_style\":\"overlay-primary\",\"overlay_transition\":\"fade\",\"show_content\":true,\"show_hover_image\":true,\"show_link\":true,\"show_meta\":true,\"show_title\":false,\"slidenav\":\"default\",\"slidenav_breakpoint\":\"\",\"slidenav_hover\":false,\"slidenav_large\":true,\"slidenav_margin\":\"small\",\"slidenav_outside_breakpoint\":\"xl\",\"slider_autoplay\":true,\"slider_autoplay_pause\":true,\"slider_center\":true,\"slider_divider\":false,\"slider_finite\":false,\"slider_gap\":\"small\",\"slider_sets\":false,\"slider_velocity\":\"0.8\",\"slider_width\":\"\",\"slider_width_default\":\"1-1\",\"slider_width_medium\":\"1-3\",\"slider_width_small\":\"3-5\",\"text_align\":\"center\",\"title_element\":\"div\",\"title_hover_style\":\"reset\",\"title_style\":\"h5\",\"visibility\":\"m\"},\"children\":[{\"type\":\"overlay-slider_item\",\"props\":{\"image\":\"wp-content\\\/uploads\\\/appartamento_ravenna_d_amare_ingresso_01.jpg\",\"title\":\"appartamento_ravenna_d_amare_ingresso_01\"}},{\"type\":\"overlay-slider_item\",\"props\":{\"image\":\"wp-content\\\/uploads\\\/appartamento_ravenna_d_amare_soggiorno_02.jpg\",\"title\":\"appartamento_ravenna_d_amare_soggiorno_02\"}},{\"type\":\"overlay-slider_item\",\"props\":{\"image\":\"wp-content\\\/uploads\\\/appartamento_ravenna_d_amare_bagno_03.jpg\",\"title\":\"appartamento_ravenna_d_amare_bagno_03\"}},{\"type\":\"overlay-slider_item\",\"props\":{\"image\":\"wp-content\\\/uploads\\\/appartamento_ravenna_d_amare_camera_matrimoniale_02.jpg\",\"title\":\"appartamento_ravenna_d_amare_camera_matrimoniale_02\"}},{\"type\":\"overlay-slider_item\",\"props\":{\"image\":\"wp-content\\\/uploads\\\/appartamento_ravenna_d_amare_ingresso_02.jpg\",\"title\":\"appartamento_ravenna_d_amare_ingresso_02\"}},{\"type\":\"overlay-slider_item\",\"props\":{\"image\":\"wp-content\\\/uploads\\\/appartamento_ravenna_d_amare_soggiorno_03.jpg\",\"title\":\"appartamento_ravenna_d_amare_soggiorno_03\"}},{\"type\":\"overlay-slider_item\",\"props\":{\"image\":\"wp-content\\\/uploads\\\/appartamento_ravenna_d_amare_soggiorno_05.jpg\",\"title\":\"appartamento_ravenna_d_amare_soggiorno_05\"}}]},{\"type\":\"overlay-slider\",\"props\":{\"image_height\":\"800\",\"image_loading\":true,\"image_transition\":\"scale-up\",\"image_width\":\"800\",\"link_style\":\"default\",\"link_text\":\"\",\"margin\":\"remove-vertical\",\"meta_align\":\"below-title\",\"meta_element\":\"div\",\"meta_style\":\"text-meta\",\"nav\":\"\",\"nav_align\":\"center\",\"nav_breakpoint\":\"s\",\"overlay_hover\":false,\"overlay_link\":true,\"overlay_margin\":\"small\",\"overlay_maxwidth\":\"large\",\"overlay_mode\":\"caption\",\"overlay_padding\":\"small\",\"overlay_position\":\"bottom\",\"overlay_style\":\"overlay-primary\",\"overlay_transition\":\"fade\",\"show_content\":true,\"show_hover_image\":true,\"show_link\":true,\"show_meta\":true,\"show_title\":false,\"slidenav\":\"\",\"slidenav_breakpoint\":\"\",\"slidenav_hover\":false,\"slidenav_large\":false,\"slidenav_margin\":\"\",\"slidenav_outside_breakpoint\":\"xl\",\"slider_autoplay\":false,\"slider_autoplay_pause\":true,\"slider_center\":true,\"slider_divider\":false,\"slider_finite\":false,\"slider_gap\":\"small\",\"slider_sets\":false,\"slider_velocity\":\"0.8\",\"slider_width\":\"fixed\",\"slider_width_default\":\"5-6\",\"slider_width_medium\":\"\",\"text_align\":\"center\",\"title_element\":\"div\",\"title_hover_style\":\"reset\",\"title_style\":\"h6\",\"visibility\":\"hidden-m\"},\"children\":[{\"type\":\"overlay-slider_item\",\"props\":{\"image\":\"wp-content\\\/uploads\\\/appartamento_ravenna_d_amare_ingresso_01.jpg\",\"title\":\"appartamento_ravenna_d_amare_ingresso_01\"}},{\"type\":\"overlay-slider_item\",\"props\":{\"image\":\"wp-content\\\/uploads\\\/appartamento_ravenna_d_amare_soggiorno_02.jpg\",\"title\":\"appartamento_ravenna_d_amare_soggiorno_02\"}},{\"type\":\"overlay-slider_item\",\"props\":{\"image\":\"wp-content\\\/uploads\\\/appartamento_ravenna_d_amare_bagno_03.jpg\",\"title\":\"appartamento_ravenna_d_amare_bagno_03\"}},{\"type\":\"overlay-slider_item\",\"props\":{\"image\":\"wp-content\\\/uploads\\\/appartamento_ravenna_d_amare_camera_matrimoniale_02.jpg\",\"title\":\"appartamento_ravenna_d_amare_camera_matrimoniale_02\"}},{\"type\":\"overlay-slider_item\",\"props\":{\"image\":\"wp-content\\\/uploads\\\/appartamento_ravenna_d_amare_ingresso_02.jpg\",\"title\":\"appartamento_ravenna_d_amare_ingresso_02\"}},{\"type\":\"overlay-slider_item\",\"props\":{\"image\":\"wp-content\\\/uploads\\\/appartamento_ravenna_d_amare_soggiorno_03.jpg\",\"title\":\"appartamento_ravenna_d_amare_soggiorno_03\"}},{\"type\":\"overlay-slider_item\",\"props\":{\"image\":\"wp-content\\\/uploads\\\/appartamento_ravenna_d_amare_soggiorno_05.jpg\",\"title\":\"appartamento_ravenna_d_amare_soggiorno_05\"}}]}]}]}]},{\"type\":\"section\",\"props\":{\"id\":\"das-apartment\",\"image_position\":\"center-center\",\"padding_remove_bottom\":true,\"style\":\"default\",\"title_breakpoint\":\"xl\",\"title_position\":\"top-left\",\"title_rotation\":\"left\",\"vertical_align\":\"middle\",\"width\":\"default\"},\"children\":[{\"type\":\"row\",\"props\":{\"width\":\"small\"},\"children\":[{\"type\":\"column\",\"props\":{\"image_position\":\"center-center\",\"position_sticky_breakpoint\":\"m\"},\"children\":[{\"type\":\"headline\",\"props\":{\"animation\":\"slide-top-small\",\"content\":\"DAS APARTMENT\",\"text_align\":\"center\",\"title_color\":\"primary\",\"title_element\":\"h2\",\"title_style\":\"h3\"}},{\"type\":\"headline\",\"props\":{\"content\":\"<strong>Apartment im Shabby-Marinaro-Stil eingerichtet<\\\/strong><br class=\\\"uk-visible@m\\\" \\\/>  im Zentrum von <strong>Marina di Ravenna, 100 Meter vom Meer entfernt<\\\/strong>\\n\\n \\n \",\"margin\":\"small\",\"margin_remove_top\":false,\"text_align\":\"center\",\"text_align_breakpoint\":\"m\",\"text_align_fallback\":\"center\",\"title_element\":\"h1\",\"title_font_family\":\"secondary\",\"title_style\":\"h3\"}}]}]}]},{\"type\":\"section\",\"props\":{\"animation\":\"fade\",\"image_position\":\"center-center\",\"padding_remove_bottom\":false,\"style\":\"default\",\"title_breakpoint\":\"xl\",\"title_position\":\"top-left\",\"title_rotation\":\"left\",\"vertical_align\":\"middle\",\"width\":\"\"},\"children\":[{\"type\":\"row\",\"props\":{\"column_gap\":\"collapse\",\"layout\":\"2-3,1-3\",\"margin\":\"large\",\"row_gap\":\"collapse\",\"width\":\"large\"},\"children\":[{\"type\":\"column\",\"props\":{\"image_position\":\"center-center\",\"padding\":\"small\",\"position_sticky_breakpoint\":\"m\",\"style\":\"tile-muted\",\"width_medium\":\"2-3\"},\"children\":[{\"type\":\"panel-slider\",\"props\":{\"content_column_breakpoint\":\"m\",\"icon_width\":80,\"image_align\":\"top\",\"image_grid_breakpoint\":\"m\",\"image_grid_width\":\"1-2\",\"image_height\":\"700\",\"image_svg_color\":\"emphasis\",\"image_width\":\"700\",\"link_style\":\"default\",\"link_text\":\"Read more\",\"margin\":\"default\",\"meta_align\":\"below-title\",\"meta_element\":\"div\",\"meta_style\":\"text-meta\",\"nav\":\"dotnav\",\"nav_align\":\"left\",\"nav_breakpoint\":\"s\",\"panel_card_match\":true,\"show_content\":false,\"show_image\":true,\"show_link\":false,\"show_meta\":false,\"show_title\":false,\"slidenav\":\"default\",\"slidenav_breakpoint\":\"xl\",\"slidenav_color\":\"light\",\"slidenav_margin\":\"medium\",\"slidenav_outside_breakpoint\":\"xl\",\"slider_autoplay\":true,\"slider_autoplay_pause\":true,\"slider_gap\":\"small\",\"slider_width\":\"fixed\",\"slider_width_default\":\"4-5\",\"slider_width_medium\":\"\",\"slider_width_small\":\"1-2\",\"title_align\":\"top\",\"title_element\":\"h3\",\"title_grid_breakpoint\":\"m\",\"title_grid_width\":\"1-2\",\"title_hover_style\":\"reset\"},\"children\":[{\"type\":\"panel-slider_item\",\"props\":{\"image\":\"wp-content\\\/uploads\\\/appartamento_ravenna_d_amare_soggiorno_01.jpg\",\"title\":\"appartamento_ravenna_d_amare_soggiorno_01\"}},{\"type\":\"panel-slider_item\",\"props\":{\"image\":\"wp-content\\\/uploads\\\/appartamento_ravenna_d_amare_soggiorno_02.jpg\",\"title\":\"appartamento_ravenna_d_amare_soggiorno_02\"}},{\"type\":\"panel-slider_item\",\"props\":{\"image\":\"wp-content\\\/uploads\\\/appartamento_ravenna_d_amare_soggiorno_03.jpg\",\"title\":\"appartamento_ravenna_d_amare_soggiorno_03\"}},{\"type\":\"panel-slider_item\",\"props\":{\"image\":\"wp-content\\\/uploads\\\/appartamento_ravenna_d_amare_soggiorno_04.jpg\",\"title\":\"appartamento_ravenna_d_amare_soggiorno_04\"}},{\"type\":\"panel-slider_item\",\"props\":{\"image\":\"wp-content\\\/uploads\\\/appartamento_ravenna_d_amare_soggiorno_05.jpg\",\"title\":\"appartamento_ravenna_d_amare_soggiorno_05\"}},{\"type\":\"panel-slider_item\",\"props\":{\"image\":\"wp-content\\\/uploads\\\/appartamento_ravenna_d_amare_soggiorno_06.jpg\",\"title\":\"appartamento_ravenna_d_amare_soggiorno_06\"}},{\"type\":\"panel-slider_item\",\"props\":{\"image\":\"wp-content\\\/uploads\\\/appartamento_ravenna_d_amare_soggiorno_07.jpg\",\"title\":\"appartamento_ravenna_d_amare_soggiorno_07\"}},{\"type\":\"panel-slider_item\",\"props\":{\"image\":\"wp-content\\\/uploads\\\/appartamento_ravenna_d_amare_soggiorno_08.jpg\",\"title\":\"appartamento_ravenna_d_amare_soggiorno_08\"}}]}]},{\"type\":\"column\",\"props\":{\"image_position\":\"center-center\",\"padding\":\"small\",\"position_sticky_breakpoint\":\"m\",\"style\":\"tile-muted\",\"vertical_align\":\"middle\",\"width_medium\":\"1-3\"},\"children\":[{\"type\":\"headline\",\"props\":{\"animation\":\"slide-top-small\",\"content\":\"DAS WOHNZIMMER\",\"margin\":\"small\",\"margin_remove_top\":false,\"title_color\":\"primary\",\"title_element\":\"div\",\"title_style\":\"h6\"}},{\"type\":\"headline\",\"props\":{\"content\":\"Ger\\u00e4umig und einladend\",\"margin\":\"default\",\"title_element\":\"h2\"}},{\"type\":\"text\",\"props\":{\"column_breakpoint\":\"m\",\"content\":\"Die Wohnung verf\\u00fcgt \\u00fcber ein Wohnzimmer mit Esstisch und einem sehr bequemen Schlafsofa.\",\"margin\":\"default\",\"text_style\":\"large\"}}]}]}],\"name\":\"Benefits\"},{\"type\":\"section\",\"props\":{\"image_position\":\"center-center\",\"style\":\"muted\",\"title_breakpoint\":\"xl\",\"title_position\":\"top-left\",\"title_rotation\":\"left\",\"vertical_align\":\"middle\",\"width\":\"large\"},\"children\":[{\"type\":\"row\",\"props\":{\"column_gap\":\"large\",\"layout\":\"2-3,1-3\",\"margin\":\"xlarge\",\"width\":\"large\"},\"children\":[{\"type\":\"column\",\"props\":{\"image_position\":\"center-center\",\"position_sticky_breakpoint\":\"m\",\"vertical_align\":\"middle\",\"width_medium\":\"2-3\"},\"children\":[{\"type\":\"panel-slider\",\"props\":{\"content_column_breakpoint\":\"m\",\"icon_width\":80,\"image_align\":\"top\",\"image_grid_breakpoint\":\"m\",\"image_grid_width\":\"1-2\",\"image_height\":\"700\",\"image_svg_color\":\"emphasis\",\"image_width\":\"700\",\"link_style\":\"default\",\"link_text\":\"Read more\",\"margin\":\"default\",\"meta_align\":\"below-title\",\"meta_element\":\"div\",\"meta_style\":\"text-meta\",\"nav\":\"dotnav\",\"nav_align\":\"left\",\"nav_breakpoint\":\"s\",\"panel_card_match\":true,\"show_content\":false,\"show_image\":true,\"show_link\":false,\"show_meta\":false,\"show_title\":false,\"slidenav\":\"outside\",\"slidenav_breakpoint\":\"xl\",\"slidenav_margin\":\"medium\",\"slidenav_outside_breakpoint\":\"xl\",\"slider_autoplay\":true,\"slider_autoplay_pause\":true,\"slider_gap\":\"small\",\"slider_width\":\"fixed\",\"slider_width_default\":\"4-5\",\"slider_width_medium\":\"\",\"slider_width_small\":\"1-2\",\"title_align\":\"top\",\"title_element\":\"h3\",\"title_grid_breakpoint\":\"m\",\"title_grid_width\":\"1-2\",\"title_hover_style\":\"reset\"},\"children\":[{\"type\":\"panel-slider_item\",\"props\":{\"image\":\"wp-content\\\/uploads\\\/appartamento_ravenna_d_amare_cucina_01.jpg\",\"title\":\"appartamento_ravenna_d_amare_cucina_01\"}},{\"type\":\"panel-slider_item\",\"props\":{\"image\":\"wp-content\\\/uploads\\\/appartamento_ravenna_d_amare_terrazzo_01.jpg\",\"title\":\"appartamento_ravenna_d_amare_terrazzo_01\"}},{\"type\":\"panel-slider_item\",\"props\":{\"image\":\"wp-content\\\/uploads\\\/appartamento_ravenna_d_amare_cucina_02.jpg\",\"title\":\"appartamento_ravenna_d_amare_cucina_02\"}},{\"type\":\"panel-slider_item\",\"props\":{\"image\":\"wp-content\\\/uploads\\\/appartamento_ravenna_d_amare_cucina_03.jpg\",\"title\":\"appartamento_ravenna_d_amare_cucina_03\"}},{\"type\":\"panel-slider_item\",\"props\":{\"image\":\"wp-content\\\/uploads\\\/appartamento_ravenna_d_amare_cucina_04.jpg\",\"title\":\"appartamento_ravenna_d_amare_cucina_04\"}},{\"type\":\"panel-slider_item\",\"props\":{\"image\":\"wp-content\\\/uploads\\\/appartamento_ravenna_d_amare_cucina_05.jpg\",\"title\":\"appartamento_ravenna_d_amare_cucina_05\"}},{\"type\":\"panel-slider_item\",\"props\":{\"image\":\"wp-content\\\/uploads\\\/appartamento_ravenna_d_amare_cucina_06.jpg\",\"title\":\"appartamento_ravenna_d_amare_cucina_06\"}},{\"type\":\"panel-slider_item\",\"props\":{\"image\":\"wp-content\\\/uploads\\\/appartamento_ravenna_d_amare_cucina_07.jpg\",\"title\":\"appartamento_ravenna_d_amare_cucina_07\"}},{\"type\":\"panel-slider_item\",\"props\":{\"image\":\"wp-content\\\/uploads\\\/appartamento_ravenna_d_amare_cucina_08.jpg\",\"title\":\"appartamento_ravenna_d_amare_cucina_08\"}}]}]},{\"type\":\"column\",\"props\":{\"image_position\":\"center-center\",\"order_first\":\"m\",\"position_sticky_breakpoint\":\"m\",\"vertical_align\":\"middle\",\"width_medium\":\"1-3\"},\"children\":[{\"type\":\"headline\",\"props\":{\"animation\":\"slide-top-small\",\"content\":\"DIE K\\u00dcCHE UND DIE TERRASSE\",\"margin\":\"small\",\"margin_remove_top\":false,\"title_color\":\"primary\",\"title_element\":\"div\",\"title_style\":\"h6\"}},{\"type\":\"headline\",\"props\":{\"animation\":\"fade\",\"content\":\"Volle K\\u00fcche Ausgestattet mit einem Balkon\",\"margin\":\"default\",\"margin_remove_top\":true,\"title_element\":\"h2\"}},{\"type\":\"text\",\"props\":{\"animation\":\"fade\",\"column_breakpoint\":\"m\",\"content\":\"Voll ausgestattete K\\u00fcche mit Utensilien und Ger\\u00e4ten. Auf der kleinen Terrasse mit Tisch und zwei St\\u00fchlen k\\u00f6nnen Sie fr\\u00fchst\\u00fccken oder eine einfache Zeitschrift lesen und dabei den Blick zwischen dem Touristenhafen von Marinara und dem Meer genie\\u00dfen.\",\"margin\":\"default\",\"text_style\":\"large\"}}]}]}]},{\"type\":\"section\",\"props\":{\"image_position\":\"center-center\",\"style\":\"default\",\"title_breakpoint\":\"xl\",\"title_position\":\"top-left\",\"title_rotation\":\"left\",\"vertical_align\":\"middle\",\"width\":\"large\"},\"children\":[{\"type\":\"row\",\"props\":{\"column_gap\":\"collapse\",\"layout\":\"2-3,1-3\",\"margin\":\"large\",\"row_gap\":\"collapse\",\"width\":\"large\"},\"children\":[{\"type\":\"column\",\"props\":{\"image_position\":\"center-center\",\"padding\":\"small\",\"position_sticky_breakpoint\":\"m\",\"style\":\"tile-muted\",\"width_medium\":\"2-3\"},\"children\":[{\"type\":\"panel-slider\",\"props\":{\"content_column_breakpoint\":\"m\",\"icon_width\":80,\"image_align\":\"top\",\"image_grid_breakpoint\":\"m\",\"image_grid_width\":\"1-2\",\"image_height\":\"700\",\"image_svg_color\":\"emphasis\",\"image_width\":\"700\",\"link_style\":\"default\",\"link_text\":\"Read more\",\"margin\":\"default\",\"meta_align\":\"below-title\",\"meta_element\":\"div\",\"meta_style\":\"text-meta\",\"nav\":\"dotnav\",\"nav_align\":\"left\",\"nav_breakpoint\":\"s\",\"panel_card_match\":true,\"show_content\":false,\"show_image\":true,\"show_link\":false,\"show_meta\":false,\"show_title\":false,\"slidenav\":\"default\",\"slidenav_breakpoint\":\"xl\",\"slidenav_color\":\"light\",\"slidenav_margin\":\"medium\",\"slidenav_outside_breakpoint\":\"xl\",\"slider_autoplay\":true,\"slider_autoplay_pause\":true,\"slider_gap\":\"small\",\"slider_width\":\"fixed\",\"slider_width_default\":\"4-5\",\"slider_width_medium\":\"\",\"slider_width_small\":\"1-2\",\"title_align\":\"top\",\"title_element\":\"h3\",\"title_grid_breakpoint\":\"m\",\"title_grid_width\":\"1-2\",\"title_hover_style\":\"reset\"},\"children\":[{\"type\":\"panel-slider_item\",\"props\":{\"image\":\"wp-content\\\/uploads\\\/appartamento_ravenna_d_amare_camera_matrimoniale_02.jpg\",\"title\":\"appartamento_ravenna_d_amare_camera_matrimoniale_02\"}},{\"type\":\"panel-slider_item\",\"props\":{\"image\":\"wp-content\\\/uploads\\\/appartamento_ravenna_d_amare_camera_matrimoniale_03.jpg\",\"title\":\"appartamento_ravenna_d_amare_camera_matrimoniale_03\"}},{\"type\":\"panel-slider_item\",\"props\":{\"image\":\"wp-content\\\/uploads\\\/appartamento_ravenna_d_amare_camera_matrimoniale_04.jpg\",\"title\":\"appartamento_ravenna_d_amare_camera_matrimoniale_04\"}},{\"type\":\"panel-slider_item\",\"props\":{\"image\":\"wp-content\\\/uploads\\\/appartamento_ravenna_d_amare_camera_matrimoniale_05.jpg\",\"title\":\"appartamento_ravenna_d_amare_camera_matrimoniale_05\"}},{\"type\":\"panel-slider_item\",\"props\":{\"image\":\"wp-content\\\/uploads\\\/appartamento_ravenna_d_amare_camera_letto_a_castello_01.jpg\",\"title\":\"appartamento_ravenna_d_amare_camera_letto_a_castello_01\"}},{\"type\":\"panel-slider_item\",\"props\":{\"image\":\"wp-content\\\/uploads\\\/appartamento_ravenna_d_amare_camera_letto_a_castello_02.jpg\",\"title\":\"appartamento_ravenna_d_amare_camera_letto_a_castello_02\"}},{\"type\":\"panel-slider_item\",\"props\":{\"image\":\"wp-content\\\/uploads\\\/appartamento_ravenna_d_amare_camera_matrimoniale_01.jpg\",\"title\":\"appartamento_ravenna_d_amare_camera_matrimoniale_01\"}},{\"type\":\"panel-slider_item\",\"props\":{\"image\":\"wp-content\\\/uploads\\\/appartamento_ravenna_d_amare_bagno_01.jpg\",\"title\":\"appartamento_ravenna_d_amare_bagno_01\"}},{\"type\":\"panel-slider_item\",\"props\":{\"image\":\"wp-content\\\/uploads\\\/appartamento_ravenna_d_amare_bagno_02.jpg\",\"title\":\"appartamento_ravenna_d_amare_bagno_02\"}},{\"type\":\"panel-slider_item\",\"props\":{\"image\":\"wp-content\\\/uploads\\\/appartamento_ravenna_d_amare_bagno_03.jpg\",\"title\":\"appartamento_ravenna_d_amare_bagno_03\"}}]}]},{\"type\":\"column\",\"props\":{\"image_position\":\"center-center\",\"padding\":\"small\",\"position_sticky_breakpoint\":\"m\",\"style\":\"tile-muted\",\"vertical_align\":\"middle\",\"width_medium\":\"1-3\"},\"children\":[{\"type\":\"headline\",\"props\":{\"animation\":\"slide-top-small\",\"content\":\"DER NACHTBEREICH\",\"margin\":\"small\",\"margin_remove_top\":false,\"title_color\":\"primary\",\"title_element\":\"div\",\"title_style\":\"h6\"}},{\"type\":\"headline\",\"props\":{\"content\":\"F\\u00fcr einen erholsamen Aufenthalt\",\"margin\":\"default\",\"margin_remove_top\":true,\"title_element\":\"h2\"}},{\"type\":\"text\",\"props\":{\"column_breakpoint\":\"m\",\"content\":\"Der Schlafbereich besteht aus zwei Schlafzimmern, einem Doppel- und einem Einzelzimmer mit Etagenbetten.\",\"margin\":\"default\",\"text_style\":\"large\"}}]}]},{\"type\":\"row\",\"children\":[{\"type\":\"column\",\"props\":{\"css\":\".el-column > .uk-tile {\\n    outline: 1px solid #fff;\\n    outline-offset: -10px;\\n}\",\"image_position\":\"center-center\",\"padding\":\"small\",\"position_sticky_breakpoint\":\"m\",\"style\":\"tile-primary\"},\"children\":[{\"type\":\"fragment\",\"children\":[{\"type\":\"row\",\"props\":{\"column_gap\":\"small\",\"layout\":\"expand,large\",\"row_gap\":\"small\"},\"children\":[{\"type\":\"column\",\"props\":{\"image_position\":\"center-center\",\"position_sticky_breakpoint\":\"m\",\"vertical_align\":\"middle\",\"width_medium\":\"expand\",\"width_small\":\"1-1\"},\"children\":[{\"type\":\"headline\",\"props\":{\"content\":\"Die Wohnung ist das ganze Jahr \\u00fcber verf\\u00fcgbar\",\"text_align\":\"left\",\"text_align_breakpoint\":\"m\",\"text_align_fallback\":\"center\",\"title_element\":\"div\",\"title_style\":\"h2\"}}]},{\"type\":\"column\",\"props\":{\"image_position\":\"center-center\",\"position_sticky_breakpoint\":\"m\",\"vertical_align\":\"middle\",\"width_medium\":\"auto\",\"width_small\":\"1-1\"},\"children\":[{\"type\":\"button\",\"props\":{\"grid_column_gap\":\"small\",\"grid_row_gap\":\"small\",\"margin\":\"default\",\"text_align\":\"left\",\"text_align_breakpoint\":\"m\",\"text_align_fallback\":\"center\"},\"children\":[{\"type\":\"button_item\",\"props\":{\"button_style\":\"primary\",\"content\":\"BUCH\",\"icon_align\":\"left\",\"link\":\"#buch\"}}]}]}]}],\"props\":{\"margin\":\"default\"}}]}]}]},{\"name\":\"SPECIAL\",\"type\":\"section\",\"props\":{\"animation\":\"scale-up\",\"animation_delay\":\"200\",\"height\":\"percent\",\"image\":\"wp-content\\\/uploads\\\/appartamento_ravenna_d_amare_camera_matrimoniale_04.jpg\",\"image_effect\":\"parallax\",\"image_parallax_bgy\":\"-240\",\"image_position\":\"center-center\",\"image_size\":\"cover\",\"media_overlay\":\"rgba(0, 0, 0, 0.53)\",\"padding\":\"none\",\"style\":\"default\",\"text_color\":\"light\",\"title_breakpoint\":\"xl\",\"title_position\":\"top-left\",\"title_rotation\":\"left\",\"vertical_align\":\"middle\",\"width\":\"\"},\"children\":[{\"type\":\"row\",\"children\":[{\"type\":\"column\",\"props\":{\"image_position\":\"center-center\",\"position_sticky_breakpoint\":\"m\",\"width_medium\":\"1-1\"},\"children\":[{\"type\":\"divider\",\"props\":{\"divider_align\":\"center\",\"divider_element\":\"hr\",\"divider_style\":\"small\",\"margin\":\"medium\"}},{\"type\":\"headline\",\"props\":{\"block_align\":\"center\",\"content\":\"Unser Ziel ist es, dass Sie sich auch unterwegs wie zu Hause f\\u00fchlen.\",\"margin_remove_top\":false,\"maxwidth\":\"2xlarge\",\"text_align\":\"center\",\"title_element\":\"h1\"}},{\"type\":\"divider\",\"props\":{\"divider_align\":\"center\",\"divider_element\":\"hr\",\"divider_style\":\"small\",\"margin\":\"medium\"}}]}],\"props\":{\"width\":\"small\"}}]},{\"type\":\"section\",\"props\":{\"animation\":\"slide-bottom-medium\",\"animation_delay\":\"200\",\"id\":\"dienstleistungen\",\"image_position\":\"center-center\",\"padding_remove_bottom\":false,\"style\":\"default\",\"title_breakpoint\":\"xl\",\"title_position\":\"top-left\",\"title_rotation\":\"left\",\"vertical_align\":\"middle\",\"width\":\"large\"},\"children\":[{\"type\":\"row\",\"props\":{\"width\":\"small\"},\"children\":[{\"type\":\"column\",\"props\":{\"image_position\":\"center-center\",\"position_sticky_breakpoint\":\"m\"},\"children\":[{\"type\":\"headline\",\"props\":{\"animation\":\"slide-top-small\",\"content\":\"DIENSTLEISTUNGEN\",\"text_align\":\"center\",\"title_color\":\"primary\",\"title_element\":\"h2\",\"title_style\":\"h3\"}},{\"type\":\"headline\",\"props\":{\"animation\":\"slide-bottom-small\",\"content\":\"Die gesamte Wohnung ist mit kostenfreiem WLAN ausgestattet und der Schlafbereich ist klimatisiert. Die gesamte Bettw\\u00e4sche f\\u00fcr die Schlafzimmer, das Badezimmer und die K\\u00fcche steht Ihnen zur Verf\\u00fcgung.\",\"css\":\"@media screen and (max-width:640px){\\n    .el-element{\\n\\t\\tfont-size:18px;\\n\\t}\\n}\",\"margin\":\"default\",\"text_align\":\"center\",\"title_element\":\"div\",\"title_style\":\"h3\"}}]}]},{\"type\":\"row\",\"children\":[{\"type\":\"column\",\"props\":{\"image_position\":\"center-center\",\"position_sticky_breakpoint\":\"m\"},\"children\":[{\"type\":\"grid\",\"props\":{\"content_column_breakpoint\":\"m\",\"content_margin\":\"small\",\"filter_align\":\"left\",\"filter_all\":true,\"filter_grid_breakpoint\":\"m\",\"filter_grid_width\":\"auto\",\"filter_position\":\"top\",\"filter_style\":\"tab\",\"grid_default\":\"1\",\"grid_divider\":false,\"grid_medium\":\"3\",\"grid_small\":\"2\",\"icon_color\":\"primary\",\"icon_width\":\"30\",\"image_align\":\"top\",\"image_grid_breakpoint\":\"m\",\"image_grid_width\":\"1-2\",\"image_svg_color\":\"primary\",\"image_svg_inline\":true,\"item_animation\":true,\"link_style\":\"default\",\"link_text\":\"Read more\",\"margin\":\"large\",\"meta_align\":\"below-title\",\"meta_element\":\"div\",\"meta_style\":\"text-meta\",\"panel_padding\":\"small\",\"parallax_easing\":\"1\",\"show_content\":true,\"show_image\":true,\"show_link\":true,\"show_meta\":true,\"show_title\":true,\"text_align\":\"center\",\"text_align_fallback\":\"center\",\"title_align\":\"top\",\"title_color\":\"primary\",\"title_element\":\"h3\",\"title_grid_breakpoint\":\"m\",\"title_grid_width\":\"1-2\",\"title_hover_style\":\"reset\",\"title_style\":\"h5\"},\"children\":[{\"type\":\"grid_item\",\"props\":{\"content\":\"70 m\\u00b2 Wohnfl\\u00e4che im Zentrum von Marina di Ravenna, 100 Meter vom Meer entfernt, in der N\\u00e4he aller lokalen Dienstleistungen und Attraktionen. Komplett rauchfreies Lokal.\",\"icon\":\"check\",\"image\":\"\",\"meta\":\"\",\"title\":\"Ganze Wohnung\"}},{\"type\":\"grid_item\",\"props\":{\"content\":\"Auf der kleinen Terrasse mit Tisch und zwei St\\u00fchlen k\\u00f6nnen Sie fr\\u00fchst\\u00fccken oder eine einfache Zeitschrift lesen und dabei den Blick zwischen dem Touristenhafen von Marinara und dem Meer genie\\u00dfen.\",\"icon\":\"check\",\"image\":\"\",\"title\":\"Balkon mit Blick auf die Stadt\"}},{\"type\":\"grid_item\",\"props\":{\"content\":\"K\\u00fcche ausgestattet mit Kaffeemaschine, Reinigungsmitteln, Toaster, Herd, Backofen, K\\u00fcchenutensilien, Wasserkocher, Waschmaschine, Mikrowelle und K\\u00fchlschrank.\",\"icon\":\"check\",\"image\":\"\",\"title\":\"K\\u00fcche\"}},{\"type\":\"grid_item\",\"props\":{\"content\":\"Zwei Schlafzimmer, ein Doppel- und ein Einzelzimmer mit Etagenbetten. Schrank und Garderobe sind vorhanden. Die Bettw\\u00e4sche f\\u00fcr das Zimmer ist im Preis inbegriffen.\",\"icon\":\"check\",\"image\":\"\",\"title\":\"Die zwei Kammern\"}},{\"type\":\"grid_item\",\"props\":{\"content\":\"Die Unterkunft verf\\u00fcgt \\u00fcber ein Badezimmer mit Fenster im Schlafbereich, das ebenfalls mit Dusche, WC, Waschbecken, Bidet und Haartrockner ausgestattet ist. Bettw\\u00e4sche, Toilettenpapier und Toilettenartikel sind kostenlos.\",\"icon\":\"check\",\"image\":\"\",\"title\":\"Privates Badezimmer\"}},{\"type\":\"grid_item\",\"props\":{\"content\":\"Der WLAN-Internetzugang ist im gesamten Geb\\u00e4ude kostenfrei verf\\u00fcgbar. Klimaanlage, Heizung, Aufzug sind vorhanden.\",\"icon\":\"check\",\"image\":\"\",\"title\":\"Kompfort\"}}]}]}],\"props\":{\"margin\":\"large\"}},{\"type\":\"row\",\"children\":[{\"type\":\"column\",\"props\":{\"image_position\":\"center-center\",\"position_sticky_breakpoint\":\"m\"},\"children\":[{\"type\":\"panel\",\"props\":{\"content\":\"W\\u00e4hrend der gesamten Aufenthaltsdauer stellen wir Ihnen au\\u00dferdem zwei kostenlose Sonnenliegen und einen Sonnenschirm am mit uns vereinbarten Badezimmer 150 Meter von der Wohnung entfernt zur Verf\\u00fcgung.\",\"content_column_breakpoint\":\"m\",\"content_style\":\"text-large\",\"css\":\".el-element{\\n    outline: 1px solid #fff;\\n    outline-offset: -10px;\\n}\",\"icon_width\":80,\"image\":\"wp-content\\\/uploads\\\/spiaggia.svg\",\"image_align\":\"top\",\"image_grid_breakpoint\":\"m\",\"image_grid_width\":\"1-2\",\"image_svg_color\":\"emphasis\",\"image_svg_inline\":true,\"image_width\":\"70\",\"link_style\":\"default\",\"link_text\":\"Read more\",\"margin\":\"default\",\"meta_align\":\"below-title\",\"meta_element\":\"div\",\"meta_style\":\"text-meta\",\"panel_padding\":\"default\",\"panel_style\":\"card-primary\",\"text_align\":\"center\",\"text_align_fallback\":\"center\",\"title\":\"Kostenloser Sonnenschirm und Sonnenliegen\",\"title_align\":\"top\",\"title_element\":\"h3\",\"title_grid_breakpoint\":\"m\",\"title_grid_width\":\"1-2\",\"title_hover_style\":\"reset\"}}]}]}],\"name\":\"SERVIZI\"},{\"type\":\"section\",\"props\":{\"animation\":\"slide-bottom-medium\",\"animation_delay\":\"200\",\"id\":\"so-erreichen-sie-uns\",\"image_position\":\"center-center\",\"padding_remove_top\":false,\"style\":\"default\",\"title_breakpoint\":\"xl\",\"title_position\":\"top-left\",\"title_rotation\":\"left\",\"vertical_align\":\"middle\",\"width\":\"large\"},\"children\":[{\"type\":\"row\",\"children\":[{\"type\":\"column\",\"props\":{\"image_position\":\"center-center\",\"padding\":\"small\",\"position_sticky_breakpoint\":\"m\",\"style\":\"tile-muted\",\"vertical_align\":\"middle\",\"width_medium\":\"1-2\"},\"children\":[{\"type\":\"headline\",\"props\":{\"animation\":\"slide-top-small\",\"content\":\"DIE WOHNUNG BEFINDET SICH IN\",\"margin\":\"small\",\"margin_remove_top\":false,\"text_align\":\"left\",\"text_align_breakpoint\":\"m\",\"text_align_fallback\":\"center\",\"title_color\":\"primary\",\"title_element\":\"div\",\"title_style\":\"h6\"}},{\"type\":\"headline\",\"props\":{\"content\":\"Via Arrigo Callegati,<br \\\/>48122 Marina di Ravenna<br \\\/>Italien\",\"margin\":\"default\",\"maxwidth\":\"large\",\"maxwidth_breakpoint\":\"m\",\"text_align\":\"left\",\"text_align_breakpoint\":\"m\",\"text_align_fallback\":\"center\",\"title_element\":\"h2\"}},{\"type\":\"button\",\"props\":{\"animation\":\"slide-bottom-small\",\"block_align\":\"center\",\"grid_column_gap\":\"small\",\"grid_row_gap\":\"small\",\"margin\":\"medium\",\"maxwidth\":\"xlarge\",\"text_align\":\"left\",\"text_align_breakpoint\":\"m\",\"text_align_fallback\":\"center\"},\"children\":[{\"type\":\"button_item\",\"props\":{\"button_style\":\"primary\",\"content\":\"Entdecken Sie die Umgebung\",\"icon_align\":\"left\",\"link\":\"#umfeld\"}}]}]},{\"type\":\"column\",\"props\":{\"image_position\":\"center-center\",\"padding\":\"none\",\"position_sticky_breakpoint\":\"m\",\"style\":\"tile-muted\",\"vertical_align\":\"middle\",\"width_medium\":\"1-2\"},\"children\":[{\"type\":\"map\",\"props\":{\"animation\":\"none\",\"controls\":false,\"dragging\":true,\"height\":\"450\",\"image_svg_color\":\"emphasis\",\"link_style\":\"default\",\"link_text\":\"Read more\",\"margin\":\"default\",\"max_zoom\":18,\"meta_align\":\"below-title\",\"meta_element\":\"div\",\"meta_style\":\"text-meta\",\"min_zoom\":0,\"poi\":false,\"show_content\":false,\"show_image\":false,\"show_link\":false,\"show_meta\":false,\"show_title\":false,\"styler_hue\":\"#00BAFF\",\"styler_lightness\":\"10\",\"title_element\":\"h3\",\"title_hover_style\":\"reset\",\"type\":\"roadmap\",\"zoom\":\"16\",\"zooming\":true},\"children\":[{\"type\":\"map_item\",\"props\":{\"location\":\"44.486766,12.2794374\"}}]}]}],\"props\":{\"column_gap\":\"collapse\",\"layout\":\"1-2,1-2\",\"row_gap\":\"collapse\"}}],\"name\":\"COME RAGGIUNGERCI\"},{\"type\":\"section\",\"props\":{\"image_position\":\"center-center\",\"style\":\"default\",\"title_breakpoint\":\"xl\",\"title_position\":\"top-left\",\"title_rotation\":\"left\",\"vertical_align\":\"middle\",\"width\":\"\"},\"children\":[{\"type\":\"row\",\"props\":{\"margin\":\"large\"},\"children\":[{\"type\":\"column\",\"props\":{\"image_position\":\"center-center\",\"position_sticky_breakpoint\":\"m\"},\"children\":[{\"type\":\"overlay-slider\",\"props\":{\"animation\":\"none\",\"css\":\"@media (max-width: 960px) {\\n\\t\\n    :has(> .el-item) {\\n\\t\\twidth: 33%;\\n\\t}\\n    \\n}\",\"image_height\":\"400\",\"link_style\":\"default\",\"link_text\":\"\",\"margin\":\"default\",\"meta_align\":\"below-title\",\"meta_element\":\"div\",\"meta_style\":\"text-meta\",\"nav\":\"\",\"nav_align\":\"center\",\"nav_breakpoint\":\"s\",\"overlay_link\":true,\"overlay_mode\":\"cover\",\"overlay_position\":\"center\",\"overlay_transition\":\"fade\",\"show_content\":true,\"show_hover_image\":true,\"show_link\":true,\"show_meta\":false,\"show_title\":false,\"slidenav\":\"default\",\"slidenav_breakpoint\":\"s\",\"slidenav_color\":\"light\",\"slidenav_margin\":\"medium\",\"slidenav_outside_breakpoint\":\"xl\",\"slider_autoplay\":true,\"slider_autoplay_pause\":false,\"slider_center\":false,\"slider_gap\":\"small\",\"slider_width\":\"\",\"slider_width_default\":\"1-1\",\"slider_width_medium\":\"1-2\",\"text_align\":\"center\",\"title_element\":\"h3\",\"title_hover_style\":\"reset\"},\"children\":[{\"type\":\"overlay-slider_item\",\"props\":{\"image\":\"wp-content\\\/uploads\\\/appartamento_ravenna_d_amare_spiaggia_02.jpg\",\"title\":\"appartamento_ravenna_d_amare_spiaggia_02\"}},{\"type\":\"overlay-slider_item\",\"props\":{\"image\":\"wp-content\\\/uploads\\\/appartamento_ravenna_d_amare_spiaggia_01.jpg\",\"title\":\"appartamento_ravenna_d_amare_spiaggia_01\"}},{\"type\":\"overlay-slider_item\",\"props\":{\"image\":\"wp-content\\\/uploads\\\/appartamento_ravenna_d_amare_esterni_07.jpg\",\"title\":\"appartamento_ravenna_d_amare_esterni_07\"}},{\"type\":\"overlay-slider_item\",\"props\":{\"image\":\"wp-content\\\/uploads\\\/appartamento_ravenna_d_amare_esterni_06.jpg\",\"title\":\"appartamento_ravenna_d_amare_esterni_06\"}},{\"type\":\"overlay-slider_item\",\"props\":{\"image\":\"wp-content\\\/uploads\\\/appartamento_ravenna_d_amare_esterni_05.jpg\",\"title\":\"appartamento_ravenna_d_amare_esterni_05\"}},{\"type\":\"overlay-slider_item\",\"props\":{\"image\":\"wp-content\\\/uploads\\\/appartamento_ravenna_d_amare_esterni_04.jpg\",\"title\":\"appartamento_ravenna_d_amare_esterni_04\"}},{\"type\":\"overlay-slider_item\",\"props\":{\"image\":\"wp-content\\\/uploads\\\/appartamento_ravenna_d_amare_esterni_03.jpg\",\"title\":\"appartamento_ravenna_d_amare_esterni_03\"}},{\"type\":\"overlay-slider_item\",\"props\":{\"image\":\"wp-content\\\/uploads\\\/appartamento_ravenna_d_amare_esterni_02.jpg\",\"title\":\"appartamento_ravenna_d_amare_esterni_02\"}},{\"type\":\"overlay-slider_item\",\"props\":{\"image\":\"wp-content\\\/uploads\\\/appartamento_ravenna_d_amare_esterni_01.jpg\",\"title\":\"appartamento_ravenna_d_amare_esterni_01\"}}]}]}]}]},{\"type\":\"section\",\"props\":{\"animation\":\"slide-bottom-medium\",\"animation_delay\":\"200\",\"id\":\"umfeld\",\"image_position\":\"center-center\",\"style\":\"default\",\"title_breakpoint\":\"xl\",\"title_position\":\"top-left\",\"title_rotation\":\"left\",\"vertical_align\":\"middle\",\"width\":\"default\"},\"children\":[{\"type\":\"row\",\"props\":{\"width\":\"large\"},\"children\":[{\"type\":\"column\",\"props\":{\"image_position\":\"center-center\",\"position_sticky_breakpoint\":\"m\"},\"children\":[{\"type\":\"headline\",\"props\":{\"animation\":\"slide-top-small\",\"content\":\"Entdecken Sie die Umgebung\",\"margin\":\"small\",\"margin_remove_top\":false,\"title_color\":\"primary\",\"title_element\":\"div\",\"title_style\":\"h6\"}}]}]},{\"type\":\"row\",\"props\":{\"layout\":\"1-2,1-2\",\"margin\":\"default\",\"width\":\"large\"},\"children\":[{\"type\":\"column\",\"props\":{\"image_position\":\"center-center\",\"position_sticky_breakpoint\":\"m\",\"width_medium\":\"1-2\"},\"children\":[{\"type\":\"headline\",\"props\":{\"content\":\"Str\\u00e4nde, Restaurants<br class=\\\"uk-visible@m\\\"> \\nund Hauptattraktionen\",\"title_element\":\"h2\"}}]},{\"type\":\"column\",\"props\":{\"image_position\":\"center-center\",\"position_sticky_breakpoint\":\"m\",\"width_medium\":\"1-2\"},\"children\":[{\"type\":\"text\",\"props\":{\"column_breakpoint\":\"m\",\"content\":\"Marina ist eine kleine Stadt direkt am Meer, geeignet f\\u00fcr Familien und f\\u00fcr diejenigen, die gleichzeitig einen unterhaltsamen und erholsamen Aufenthalt suchen.\",\"margin\":\"\",\"maxwidth\":\"xlarge\",\"maxwidth_breakpoint\":\"m\",\"text_style\":\"large\"}}]}]}]},{\"type\":\"section\",\"props\":{\"animation_delay\":false,\"image_position\":\"bottom-left\",\"image_size\":\"contain\",\"padding_remove_bottom\":false,\"padding_remove_top\":true,\"style\":\"default\",\"title_breakpoint\":\"xl\",\"title_position\":\"top-left\",\"title_rotation\":\"left\",\"vertical_align\":\"middle\",\"width\":\"large\"},\"children\":[{\"type\":\"row\",\"props\":{\"column_gap\":\"small\",\"layout\":\"1-2,1-2\",\"margin_remove_bottom\":false,\"margin_remove_top\":false,\"row_gap\":\"collapse\"},\"children\":[{\"type\":\"column\",\"props\":{\"image_position\":\"center-center\",\"position_sticky_breakpoint\":\"m\",\"width_medium\":\"1-2\"},\"children\":[{\"type\":\"overlay\",\"props\":{\"content\":\"\",\"content_margin\":\"small\",\"image\":\"wp-content\\\/uploads\\\/ravenna-mausoleo_galla_placidia-servizio_turismo-comunicattivi-ravenna-mausoleo_2.webp\",\"image_height\":\"900\",\"image_transition\":\"scale-down\",\"image_width\":\"900\",\"link_margin\":\"remove\",\"link_style\":\"\",\"link_text\":\"View Houses\",\"margin\":\"default\",\"margin_remove_bottom\":true,\"media_overlay\":\"rgba(0, 0, 0, 0.38)\",\"meta\":\"10 km\",\"meta_align\":\"below-title\",\"meta_element\":\"div\",\"meta_margin\":\"small\",\"meta_style\":\"h6\",\"overlay_hover\":false,\"overlay_link\":true,\"overlay_mode\":\"cover\",\"overlay_position\":\"bottom-left\",\"overlay_style\":\"\",\"overlay_transition\":\"fade\",\"text_align\":\"\",\"text_color\":\"light\",\"title\":\"Mausoleum der Galla Placidia\",\"title_element\":\"h3\",\"title_hover_style\":\"reset\",\"visibility\":\"m\"},\"modified\":\"2020-11-24T16:30:51.601Z\"},{\"type\":\"gallery\",\"props\":{\"class\":\"uk-grid-margin-small\",\"filter_align\":\"left\",\"filter_all\":true,\"filter_grid_breakpoint\":\"m\",\"filter_grid_width\":\"auto\",\"filter_position\":\"top\",\"filter_style\":\"tab\",\"grid_column_gap\":\"small\",\"grid_default\":\"1\",\"grid_medium\":\"\",\"grid_row_gap\":\"small\",\"grid_small\":\"2\",\"image_height\":\"610\",\"image_transition\":\"scale-down\",\"image_width\":\"610\",\"item_animation\":true,\"link_margin\":\"remove\",\"link_style\":\"\",\"link_text\":\"View Houses\",\"margin\":\"\",\"margin_remove_bottom\":false,\"margin_remove_top\":false,\"meta_align\":\"below-title\",\"meta_element\":\"div\",\"meta_margin\":\"small\",\"meta_style\":\"h6\",\"overlay_hover\":false,\"overlay_link\":true,\"overlay_mode\":\"cover\",\"overlay_position\":\"bottom-left\",\"overlay_style\":\"\",\"overlay_transition\":\"fade\",\"parallax_easing\":\"1\",\"show_content\":true,\"show_hover_image\":true,\"show_link\":true,\"show_meta\":true,\"show_title\":true,\"text_align\":\"\",\"text_color\":\"light\",\"title_element\":\"h3\",\"title_hover_style\":\"reset\",\"visibility\":\"hidden-m\"},\"children\":[{\"type\":\"gallery_item\",\"props\":{\"image\":\"wp-content\\\/uploads\\\/ravenna-mausoleo_galla_placidia-servizio_turismo-comunicattivi-ravenna-mausoleo_2.webp\",\"media_overlay\":\"rgba(0, 0, 0, 0.34)\",\"meta\":\"10 km\",\"title\":\"Mausoleum der Galla Placidia\"}},{\"type\":\"gallery_item\",\"props\":{\"image\":\"wp-content\\\/uploads\\\/Luoghi_Rocca_Brancaleone_1.jpg\",\"media_overlay\":\"rgba(0, 0, 0, 0.47)\",\"meta\":\"9 KM\",\"title\":\"Garten von Rocca Brancaleone\"}}]}]},{\"type\":\"column\",\"props\":{\"image_position\":\"center-center\",\"position_sticky_breakpoint\":\"m\",\"width_medium\":\"1-2\"},\"children\":[{\"type\":\"overlay\",\"props\":{\"content\":\"\",\"content_margin\":\"small\",\"image\":\"wp-content\\\/uploads\\\/Luoghi_Rocca_Brancaleone_1.jpg\",\"image_height\":\"440\",\"image_transition\":\"scale-down\",\"image_width\":\"900\",\"link_margin\":\"remove\",\"link_style\":\"\",\"link_text\":\"\",\"margin\":\"default\",\"margin_remove_bottom\":true,\"media_overlay\":\"rgba(0, 0, 0, 0.46)\",\"meta\":\"9 Km\",\"meta_align\":\"below-title\",\"meta_element\":\"div\",\"meta_margin\":\"small\",\"meta_style\":\"h6\",\"overlay_hover\":false,\"overlay_link\":true,\"overlay_mode\":\"cover\",\"overlay_position\":\"bottom-left\",\"overlay_style\":\"\",\"overlay_transition\":\"fade\",\"text_align\":\"\",\"text_color\":\"light\",\"title\":\"Garten von Rocca Brancaleone\",\"title_element\":\"h3\",\"title_hover_style\":\"reset\",\"visibility\":\"m\"},\"modified\":\"2020-11-24T16:30:51.601Z\"},{\"type\":\"gallery\",\"props\":{\"class\":\"uk-grid-margin-small\",\"filter_align\":\"left\",\"filter_all\":true,\"filter_grid_breakpoint\":\"m\",\"filter_grid_width\":\"auto\",\"filter_position\":\"top\",\"filter_style\":\"tab\",\"grid_column_gap\":\"small\",\"grid_default\":\"1\",\"grid_medium\":\"\",\"grid_row_gap\":\"small\",\"grid_small\":\"2\",\"image_height\":\"610\",\"image_transition\":\"scale-down\",\"image_width\":\"610\",\"item_animation\":true,\"link_margin\":\"remove\",\"link_style\":\"\",\"link_text\":\"View Houses\",\"margin\":\"\",\"margin_remove_bottom\":false,\"margin_remove_top\":false,\"meta_align\":\"below-title\",\"meta_element\":\"div\",\"meta_margin\":\"small\",\"meta_style\":\"h6\",\"overlay_hover\":false,\"overlay_link\":true,\"overlay_mode\":\"cover\",\"overlay_position\":\"bottom-left\",\"overlay_style\":\"\",\"overlay_transition\":\"fade\",\"parallax_easing\":\"1\",\"show_content\":true,\"show_hover_image\":true,\"show_link\":true,\"show_meta\":true,\"show_title\":true,\"text_align\":\"\",\"text_color\":\"light\",\"title_element\":\"h3\",\"title_hover_style\":\"reset\"},\"children\":[{\"type\":\"gallery_item\",\"props\":{\"image\":\"wp-content\\\/uploads\\\/ravenna-punta_marina_terme-comunicattivi-DJI_0388-scaled-e1654789702229.webp\",\"media_overlay\":\"rgba(0, 0, 0, 0.34)\",\"meta\":\"3 km\",\"title\":\"Strand von Punta Marina\"}},{\"type\":\"gallery_item\",\"props\":{\"image\":\"wp-content\\\/uploads\\\/ravenna-lido_adriano-ph.ravennatourism.webp\",\"media_overlay\":\"rgba(0, 0, 0, 0.47)\",\"meta\":\"6 KM\",\"title\":\"Lido Adriano Strand\"}}]}]}]},{\"type\":\"row\",\"props\":{\"column_gap\":\"small\",\"layout\":\"1-2,1-2\",\"row_gap\":\"small\"},\"children\":[{\"type\":\"column\",\"props\":{\"image_position\":\"center-center\",\"position_sticky_breakpoint\":\"m\",\"width_medium\":\"1-2\"},\"children\":[{\"type\":\"overlay\",\"props\":{\"content\":\"\",\"content_margin\":\"small\",\"image\":\"wp-content\\\/uploads\\\/2571446.jpg\",\"image_height\":\"440\",\"image_transition\":\"scale-down\",\"image_width\":\"900\",\"link_margin\":\"remove\",\"link_style\":\"\",\"link_text\":\"View Houses\",\"margin\":\"default\",\"margin_remove_bottom\":true,\"media_overlay\":\"rgba(0, 0, 0, 0.42)\",\"meta\":\"5 KM\",\"meta_align\":\"below-title\",\"meta_element\":\"div\",\"meta_margin\":\"small\",\"meta_style\":\"h6\",\"overlay_hover\":false,\"overlay_link\":true,\"overlay_mode\":\"cover\",\"overlay_position\":\"bottom-left\",\"overlay_style\":\"\",\"overlay_transition\":\"fade\",\"text_align\":\"\",\"text_color\":\"light\",\"title\":\"Restaurant La Nuova Rosa dei Venti\",\"title_element\":\"h3\",\"title_hover_style\":\"reset\",\"visibility\":\"s\"},\"modified\":\"2020-11-24T16:30:51.601Z\"},{\"type\":\"overlay\",\"props\":{\"content\":\"\",\"content_margin\":\"small\",\"image\":\"wp-content\\\/uploads\\\/2571446.jpg\",\"image_height\":\"610\",\"image_transition\":\"scale-down\",\"image_width\":\"610\",\"link_margin\":\"remove\",\"link_style\":\"\",\"link_text\":\"\",\"margin\":\"default\",\"margin_remove_top\":true,\"meta\":\"5 km\",\"meta_align\":\"below-title\",\"meta_element\":\"div\",\"meta_style\":\"text-meta\",\"overlay_hover\":false,\"overlay_link\":true,\"overlay_mode\":\"cover\",\"overlay_position\":\"bottom-left\",\"overlay_style\":\"\",\"overlay_transition\":\"fade\",\"text_align\":\"\",\"text_color\":\"light\",\"title\":\"Restaurant La Nuova Rosa dei Venti\",\"title_element\":\"h3\",\"title_hover_style\":\"reset\",\"visibility\":\"hidden-s\"},\"modified\":\"2020-11-24T16:30:51.601Z\"}]},{\"type\":\"column\",\"props\":{\"image_position\":\"center-center\",\"position_sticky_breakpoint\":\"m\",\"width_medium\":\"1-2\"},\"children\":[{\"type\":\"overlay\",\"props\":{\"content\":\"\",\"content_margin\":\"small\",\"image\":\"wp-content\\\/uploads\\\/RISTORANTE-photogallery-12.jpg\",\"image_height\":\"440\",\"image_transition\":\"scale-down\",\"image_width\":\"900\",\"link_margin\":\"remove\",\"link_style\":\"\",\"link_text\":\"View Houses\",\"margin\":\"default\",\"margin_remove_bottom\":true,\"media_overlay\":\"rgba(0, 0, 0, 0.42)\",\"meta\":\"5 KM\",\"meta_align\":\"below-title\",\"meta_element\":\"div\",\"meta_margin\":\"small\",\"meta_style\":\"h6\",\"overlay_hover\":false,\"overlay_link\":true,\"overlay_mode\":\"cover\",\"overlay_position\":\"bottom-left\",\"overlay_style\":\"\",\"overlay_transition\":\"fade\",\"text_align\":\"\",\"text_color\":\"light\",\"title\":\"Donna Rosa-Restaurant\",\"title_element\":\"h3\",\"title_hover_style\":\"reset\",\"visibility\":\"s\"},\"modified\":\"2020-11-24T16:30:51.601Z\"},{\"type\":\"overlay\",\"props\":{\"content\":\"\",\"content_margin\":\"small\",\"image\":\"wp-content\\\/uploads\\\/RISTORANTE-photogallery-12.jpg\",\"image_height\":\"610\",\"image_transition\":\"scale-down\",\"image_width\":\"610\",\"link_margin\":\"remove\",\"link_style\":\"\",\"link_text\":\"\",\"margin\":\"default\",\"margin_remove_top\":true,\"meta\":\"5 km\",\"meta_align\":\"below-title\",\"meta_element\":\"div\",\"meta_style\":\"text-meta\",\"overlay_hover\":false,\"overlay_link\":true,\"overlay_mode\":\"cover\",\"overlay_position\":\"bottom-left\",\"overlay_style\":\"\",\"overlay_transition\":\"fade\",\"text_align\":\"\",\"text_color\":\"light\",\"title\":\"Donna Rosa-Restaurant\",\"title_element\":\"h3\",\"title_hover_style\":\"reset\",\"visibility\":\"hidden-s\"},\"modified\":\"2020-11-24T16:30:51.601Z\"}]}]}],\"name\":\"Tags\"},{\"type\":\"section\",\"props\":{\"animation\":\"slide-bottom-medium\",\"animation_delay\":\"200\",\"id\":\"faq\",\"image_position\":\"center-center\",\"style\":\"muted\",\"title_breakpoint\":\"xl\",\"title_position\":\"top-left\",\"title_rotation\":\"left\",\"vertical_align\":\"middle\",\"width\":\"large\"},\"children\":[{\"type\":\"row\",\"props\":{\"layout\":\"2-5,3-5\"},\"children\":[{\"type\":\"column\",\"props\":{\"image_position\":\"center-center\",\"position_sticky_breakpoint\":\"m\",\"width_medium\":\"2-5\"},\"children\":[{\"type\":\"headline\",\"props\":{\"animation\":\"slide-top-small\",\"content\":\"Sie fragen sich vielleicht, ob ...\",\"title_color\":\"primary\",\"title_element\":\"div\",\"title_style\":\"h6\"}},{\"type\":\"headline\",\"props\":{\"content\":\"H\\u00e4ufige Fragen<br class=\\\"uk-visible@m\\\"> \\nauf Ravenna d'Amare\",\"margin\":\"default\",\"text_align_breakpoint\":\"m\",\"text_align_fallback\":\"center\",\"title_element\":\"h2\"}}]},{\"type\":\"column\",\"props\":{\"image_position\":\"center-center\",\"position_sticky_breakpoint\":\"m\",\"width_medium\":\"3-5\"},\"children\":[{\"type\":\"accordion\",\"props\":{\"animation\":\"none\",\"collapsible\":true,\"content_column_breakpoint\":\"m\",\"image_align\":\"top\",\"image_grid_breakpoint\":\"m\",\"image_grid_width\":\"1-2\",\"image_svg_color\":\"emphasis\",\"link_style\":\"default\",\"link_text\":\"Read more\",\"show_image\":true,\"show_link\":true},\"children\":[{\"type\":\"accordion_item\",\"props\":{\"content\":\"Ravenna d'Amare liegt 300 m vom Zentrum von Marina di Ravenna entfernt.\",\"title\":\"Wie weit ist das Ravenna d'Amare vom Zentrum von Marina di Ravenna entfernt?\"}},{\"type\":\"accordion_item\",\"props\":{\"content\":\"Ravenna d'Amare verf\\u00fcgt \\u00fcber 2 Schlafzimmer\",\"title\":\"Wie viele Zimmer hat die Unterkunft Ravenna d'Amare?\"}},{\"type\":\"accordion_item\",\"props\":{\"content\":\"Ravenna d'Amare bietet die gesamte Bettw\\u00e4sche f\\u00fcr die Schlafzimmer, das Badezimmer und die K\\u00fcche.\",\"title\":\"Ist Haushaltsw\\u00e4sche vorhanden?\"}},{\"type\":\"accordion_item\",\"props\":{\"content\":\"Ravenna d'Amare bietet Platz f\\u00fcr 5 G\\u00e4ste\",\"title\":\"Wie viele G\\u00e4ste k\\u00f6nnen im Ravenna d'Amare \\u00fcbernachten?\"}},{\"type\":\"accordion_item\",\"props\":{\"content\":\"Im Ravenna d'Amare ist der Check-in ab 15:00 Uhr m\\u00f6glich, der Check-out bis 12:00 Uhr.\",\"title\":\"Wie sind die Check-in- und Check-out-Zeiten im Ravenna d'Amare?\"}},{\"type\":\"accordion_item\",\"props\":{\"content\":\"Ja, diese Unterkunft verf\\u00fcgt \\u00fcber einen Balkon.\",\"title\":\"Gibt es Balkone im Ravenna d'Amare?\"}}]}]}]}],\"name\":\"FAQ\"},{\"type\":\"section\",\"props\":{\"animation\":\"scale-up\",\"animation_delay\":\"200\",\"css\":\".el-section{\\n\\tbackground: #ffffff;\\n}\",\"image\":\"wp-content\\\/uploads\\\/discover-cta-bg.jpg\",\"image_position\":\"bottom-left\",\"image_size\":\"contain\",\"image_width\":\"2560\",\"padding\":\"xlarge\",\"style\":\"default\",\"title_breakpoint\":\"xl\",\"title_position\":\"top-left\",\"title_rotation\":\"left\",\"vertical_align\":\"middle\",\"width\":\"default\"},\"children\":[{\"type\":\"row\",\"props\":{\"layout\":\"1-2,1-2\",\"margin\":\"xlarge\"},\"children\":[{\"type\":\"column\",\"props\":{\"image_position\":\"center-center\",\"position_sticky_breakpoint\":\"m\",\"width_medium\":\"1-2\",\"width_small\":\"1-3\"}},{\"type\":\"column\",\"props\":{\"image_position\":\"center-center\",\"position_sticky_breakpoint\":\"m\",\"vertical_align\":\"middle\",\"width_medium\":\"1-2\",\"width_small\":\"2-3\"},\"children\":[{\"type\":\"headline\",\"props\":{\"animation\":\"slide-top-small\",\"content\":\"BRAUCHEN SIE HILFE?\",\"margin_remove_top\":true,\"text_align\":\"left\",\"text_align_breakpoint\":\"s\",\"text_align_fallback\":\"center\",\"title_color\":\"primary\",\"title_element\":\"div\",\"title_style\":\"h6\"}},{\"type\":\"headline\",\"props\":{\"content\":\"Sie haben Fragen an uns?\",\"margin_remove_top\":true,\"text_align\":\"left\",\"text_align_breakpoint\":\"s\",\"text_align_fallback\":\"center\",\"title_element\":\"h2\"}},{\"type\":\"text\",\"props\":{\"block_align_breakpoint\":\"s\",\"block_align_fallback\":\"center\",\"column_breakpoint\":\"m\",\"content\":\"Wir stehen Ihnen jederzeit zur Verf\\u00fcgung, um alle Ihre Fragen zu beantworten\",\"margin\":\"default\",\"maxwidth\":\"large\",\"text_align\":\"left\",\"text_align_breakpoint\":\"s\",\"text_align_fallback\":\"center\",\"text_style\":\"lead\"}},{\"type\":\"button\",\"props\":{\"grid_column_gap\":\"small\",\"grid_row_gap\":\"small\",\"margin\":\"medium\",\"text_align\":\"left\",\"text_align_breakpoint\":\"s\",\"text_align_fallback\":\"center\"},\"children\":[{\"type\":\"button_item\",\"props\":{\"button_style\":\"primary\",\"content\":\"Kontaktiere uns\",\"icon_align\":\"left\",\"link\":\"#buch\"}}]}]}]}],\"name\":\"Call to Action\"}],\"version\":\"4.0.6\"} --><\/p>\n","protected":false},"excerpt":{"rendered":"<p>Ravenna d&#8217;Amare appartamento_ravenna_d_amare_ingresso_01 appartamento_ravenna_d_amare_soggiorno_02 appartamento_ravenna_d_amare_bagno_03 appartamento_ravenna_d_amare_camera_matrimoniale_02 appartamento_ravenna_d_amare_ingresso_02 appartamento_ravenna_d_amare_soggiorno_03 appartamento_ravenna_d_amare_soggiorno_05 appartamento_ravenna_d_amare_ingresso_01 appartamento_ravenna_d_amare_soggiorno_02 appartamento_ravenna_d_amare_bagno_03 appartamento_ravenna_d_amare_camera_matrimoniale_02 appartamento_ravenna_d_amare_ingresso_02 appartamento_ravenna_d_amare_soggiorno_03 appartamento_ravenna_d_amare_soggiorno_05 DAS APARTMENT Apartment im Shabby-Marinaro-Stil eingerichtet im Zentrum von Marina di Ravenna, 100 Meter vom Meer entfernt appartamento_ravenna_d_amare_soggiorno_01 appartamento_ravenna_d_amare_soggiorno_02 appartamento_ravenna_d_amare_soggiorno_03 appartamento_ravenna_d_amare_soggiorno_04 appartamento_ravenna_d_amare_soggiorno_05 appartamento_ravenna_d_amare_soggiorno_06 appartamento_ravenna_d_amare_soggiorno_07 appartamento_ravenna_d_amare_soggiorno_08 DAS WOHNZIMMER Ger\u00e4umig und einladend Die Wohnung verf\u00fcgt \u00fcber ein Wohnzimmer mit Esstisch und [&hellip;]<\/p>\n","protected":false},"author":1,"featured_media":0,"parent":0,"menu_order":0,"comment_status":"closed","ping_status":"closed","template":"","meta":{"footnotes":""},"class_list":["post-756","page","type-page","status-publish","hentry"],"_links":{"self":[{"href":"https:\/\/www.ravennadamare.com\/de\/wp-json\/wp\/v2\/pages\/756","targetHints":{"allow":["GET"]}}],"collection":[{"href":"https:\/\/www.ravennadamare.com\/de\/wp-json\/wp\/v2\/pages"}],"about":[{"href":"https:\/\/www.ravennadamare.com\/de\/wp-json\/wp\/v2\/types\/page"}],"author":[{"embeddable":true,"href":"https:\/\/www.ravennadamare.com\/de\/wp-json\/wp\/v2\/users\/1"}],"replies":[{"embeddable":true,"href":"https:\/\/www.ravennadamare.com\/de\/wp-json\/wp\/v2\/comments?post=756"}],"version-history":[{"count":54,"href":"https:\/\/www.ravennadamare.com\/de\/wp-json\/wp\/v2\/pages\/756\/revisions"}],"predecessor-version":[{"id":896,"href":"https:\/\/www.ravennadamare.com\/de\/wp-json\/wp\/v2\/pages\/756\/revisions\/896"}],"wp:attachment":[{"href":"https:\/\/www.ravennadamare.com\/de\/wp-json\/wp\/v2\/media?parent=756"}],"curies":[{"name":"wp","href":"https:\/\/api.w.org\/{rel}","templated":true}]}}